{"id":32504,"date":"2021-01-25T12:24:44","date_gmt":"2021-01-25T17:24:44","guid":{"rendered":"https:\/\/santacatalina.org.pe\/?page_id=32504"},"modified":"2021-01-25T14:08:49","modified_gmt":"2021-01-25T19:08:49","slug":"location-de-salles","status":"publish","type":"page","link":"https:\/\/santacatalina.org.pe\/fr\/services\/location-de-salles","title":{"rendered":"Location de salles"},"content":{"rendered":"<section><div class=\"container\"><div class=\"row\"><div class=\"wpb_column hcode-column-container sm-margin-four-bottom vc_col-sm-12 vc_col-md-6 col-xs-mobile-fullwidth\" data-front-class=\"sm-margin-four-bottom col-xs-mobile-fullwidth\"><div class=\"vc-column-innner-wrapper\">[vc_gallery type=\"nivo\" interval=\"3\" images=\"19079,19080,19081,19082\" img_size=\"full\" css_animation=\"fadeInDown\"]<\/div><\/div><div class=\"wpb_column hcode-column-container vc_col-sm-12 vc_col-md-6 col-xs-mobile-fullwidth\" data-front-class=\"col-xs-mobile-fullwidth\"><div class=\"vc-column-innner-wrapper\"><div class=\"margin-six-all\"><p class=\"title-large text-uppercase letter-spacing-1 font-weight-600 black-text hcode-font-setting-5ed12d1bf22a2\" style=\"line-height: 45px; color: #85280f !important;\">Claustro de las Novicias con capilla<\/p>\n<ul class=\"ul-orion\">\n<li><i class=\"fas fa-users\"><\/i> <strong>Aforo:<\/strong> 120 de pie, 70 sentados aprox.<\/li>\n<li><i class=\"fas fa-expand\"><\/i> <strong>\u00c1rea:<\/strong> 440 m2 - 83.96 m2<\/li>\n<\/ul>\n<p class=\"text-med\">Claustro peque\u00f1o de agradables proporciones, con arquer\u00eda de b\u00f3veda de arista ejecutada en ladrillo y muros y columnas de sillar cara vista. Capilla con b\u00f3veda de ca\u00f1\u00f3n a la que circunda una cornisa policromada y un altar con intenci\u00f3n renacentista.<\/p>\n<\/div><\/div><\/div><div class=\"wpb_column hcode-column-container vc_col-sm-12 vc_col-md-12 col-xs-mobile-fullwidth\" data-front-class=\"col-xs-mobile-fullwidth\"><div class=\"vc-column-innner-wrapper\"><div class=\" wide-separator-line\" style=\" background:#e5e5e5;\"><\/div><\/div><\/div><div class=\"wpb_column hcode-column-container vc_col-sm-12 vc_col-md-6 col-xs-mobile-fullwidth\" data-front-class=\"col-xs-mobile-fullwidth\"><div class=\"vc-column-innner-wrapper\"><div class=\"margin-six-all\"><p class=\"title-large text-uppercase letter-spacing-1 font-weight-600 black-text hcode-font-setting-5ed12d1bf22a2\" style=\"line-height: 45px; color: #85280f !important;\">Claustro de los Naranjos<\/p>\n<ul class=\"ul-orion\">\n<li><i class=\"fas fa-users\"><\/i> <strong>Aforo:<\/strong> 200 de pie, 100 sentados aprox.<\/li>\n<li><i class=\"fas fa-expand\"><\/i> <strong>\u00c1rea:<\/strong> 575 m2<\/li>\n<\/ul>\n<p class=\"text-med\">El claustro es de color azul a\u00f1il. Tiene pinturas murales de aves y flores al temple. Adornado por la serie de lienzos - Alma y Amor Divino - con un zagu\u00e1n de formas caprichosas. Llamado as\u00ed por la presencia de esos frutales.<\/p>\n<\/div><\/div><\/div><div class=\"wpb_column hcode-column-container sm-margin-four-bottom vc_col-sm-12 vc_col-md-6 col-xs-mobile-fullwidth\" data-front-class=\"sm-margin-four-bottom col-xs-mobile-fullwidth\"><div class=\"vc-column-innner-wrapper\">[vc_gallery type=\"nivo\" interval=\"3\" images=\"19084,19085,19086\" img_size=\"full\" css_animation=\"fadeInDown\"]<\/div><\/div><div class=\"wpb_column hcode-column-container vc_col-sm-12 vc_col-md-12 col-xs-mobile-fullwidth\" data-front-class=\"col-xs-mobile-fullwidth\"><div class=\"vc-column-innner-wrapper\"><div class=\" wide-separator-line\" style=\" background:#e5e5e5;\"><\/div><\/div><\/div><div class=\"wpb_column hcode-column-container sm-margin-four-bottom vc_col-sm-12 vc_col-md-6 col-xs-mobile-fullwidth\" data-front-class=\"sm-margin-four-bottom col-xs-mobile-fullwidth\"><div class=\"vc-column-innner-wrapper\">[vc_gallery type=\"nivo\" interval=\"3\" images=\"19087,19088,19089,19090\" img_size=\"full\" css_animation=\"fadeInDown\"]<\/div><\/div><div class=\"wpb_column hcode-column-container vc_col-sm-12 vc_col-md-6 col-xs-mobile-fullwidth\" data-front-class=\"col-xs-mobile-fullwidth\"><div class=\"vc-column-innner-wrapper\"><div class=\"margin-six-all\"><p class=\"title-large text-uppercase letter-spacing-1 font-weight-600 black-text hcode-font-setting-5ed12d1bf22a2\" style=\"line-height: 45px; color: #85280f !important;\">Pinacoteca<\/p>\n<ul class=\"ul-orion\">\n<li><i class=\"fas fa-users\"><\/i> <strong>Aforo:<\/strong> 350 sentados aprox.<\/li>\n<li><i class=\"fas fa-expand\"><\/i> <strong>\u00c1rea:<\/strong> 788 m2<\/li>\n<\/ul>\n<p class=\"text-med\">Tres importantes salas que suman dos largas b\u00f3vedas paralelas y otra perpendicular, amarradas respectivamente a dos de las cuatro arquer\u00edas del Claustro Mayor y del Claustro de los Naranjos. El piso es de ladrillo antiguo. Gracias a su especial ac\u00fastica, la Pinacoteca sirve como sala de conciertos, en particular de m\u00fasica barroca o de recitales de piano. Aqu\u00ed se muestran en total noventa y dos lienzos de diversos tama\u00f1os y trece esculturas.<\/p>\n<\/div><\/div><\/div><div class=\"wpb_column hcode-column-container vc_col-sm-12 vc_col-md-12 col-xs-mobile-fullwidth\" data-front-class=\"col-xs-mobile-fullwidth\"><div class=\"vc-column-innner-wrapper\"><div class=\" wide-separator-line\" style=\" background:#e5e5e5;\"><\/div><\/div><\/div><div class=\"wpb_column hcode-column-container vc_col-sm-12 vc_col-md-6 col-xs-mobile-fullwidth\" data-front-class=\"col-xs-mobile-fullwidth\"><div class=\"vc-column-innner-wrapper\"><div class=\"margin-six-all\"><p class=\"title-large text-uppercase letter-spacing-1 font-weight-600 black-text hcode-font-setting-5ed12d1bf22a2\" style=\"line-height: 45px; color: #85280f !important;\">Refectorio<\/p>\n<ul class=\"ul-orion\">\n<li><i class=\"fas fa-users\"><\/i> <strong>Aforo:<\/strong> 150 personas o 10 mesas de 10 personas cada una aprox.<\/li>\n<li><i class=\"fas fa-expand\"><\/i> <strong>\u00c1rea:<\/strong> 157 m2<\/li>\n<\/ul>\n<p class=\"text-med\">Era el comedor de las religiosas, amplio sal\u00f3n con un peque\u00f1o p\u00falpito, el techo tiene una alta b\u00f3veda de ca\u00f1\u00f3n. El piso es de madera y cuenta con bancas de sillar y madera adosadas al muro, exhibe pinturas en sus muros<\/p>\n<\/div><\/div><\/div><div class=\"wpb_column hcode-column-container sm-margin-four-bottom vc_col-sm-12 vc_col-md-6 col-xs-mobile-fullwidth\" data-front-class=\"sm-margin-four-bottom col-xs-mobile-fullwidth\"><div class=\"vc-column-innner-wrapper\">[vc_gallery type=\"nivo\" interval=\"3\" images=\"19091,19092,19093\" img_size=\"full\" css_animation=\"fadeInDown\"]<\/div><\/div><div class=\"wpb_column hcode-column-container vc_col-sm-12 vc_col-md-12 col-xs-mobile-fullwidth\" data-front-class=\"col-xs-mobile-fullwidth\"><div class=\"vc-column-innner-wrapper\"><div class=\" wide-separator-line\" style=\" background:#e5e5e5;\"><\/div><\/div><\/div><div class=\"wpb_column hcode-column-container sm-margin-four-bottom vc_col-sm-12 vc_col-md-6 col-xs-mobile-fullwidth\" data-front-class=\"sm-margin-four-bottom col-xs-mobile-fullwidth\"><div class=\"vc-column-innner-wrapper\">[vc_gallery type=\"nivo\" interval=\"3\" images=\"19094,19095,19096,19097\" img_size=\"full\" css_animation=\"fadeInDown\"]<\/div><\/div><div class=\"wpb_column hcode-column-container vc_col-sm-12 vc_col-md-6 col-xs-mobile-fullwidth\" data-front-class=\"col-xs-mobile-fullwidth\"><div class=\"vc-column-innner-wrapper\"><div class=\"margin-six-all\"><p class=\"title-large text-uppercase letter-spacing-1 font-weight-600 black-text hcode-font-setting-5ed12d1bf22a2\" style=\"line-height: 45px; color: #85280f !important;\">La Gran Cocina<\/p>\n<ul class=\"ul-orion\">\n<li><i class=\"fas fa-users\"><\/i> <strong>Aforo:<\/strong> 35 sentados, 60 de pie. aprox.<\/li>\n<li><i class=\"fas fa-expand\"><\/i> <strong>\u00c1rea:<\/strong> 119 m2<\/li>\n<\/ul>\n<p class=\"text-med\">Ambiente ideal para reuniones de grupos peque\u00f1os. Sus paredes tiznadas y los curiosos utensilios que se exhiben all\u00ed la convierten en un espacio sumamente acogedor y misterioso.<\/p>\n<\/div><\/div><\/div><div class=\"wpb_column hcode-column-container vc_col-sm-12 vc_col-md-12 col-xs-mobile-fullwidth\" data-front-class=\"col-xs-mobile-fullwidth\"><div class=\"vc-column-innner-wrapper\"><div class=\" wide-separator-line\" style=\" background:#e5e5e5;\"><\/div><\/div><\/div><div class=\"wpb_column hcode-column-container vc_col-sm-12 vc_col-md-6 col-xs-mobile-fullwidth\" data-front-class=\"col-xs-mobile-fullwidth\"><div class=\"vc-column-innner-wrapper\"><div class=\"margin-six-all\"><p class=\"title-large text-uppercase letter-spacing-1 font-weight-600 black-text hcode-font-setting-5ed12d1bf22a2\" style=\"line-height: 45px; color: #85280f !important;\">Patio del Silencio<\/p>\n<ul class=\"ul-orion\">\n<li><i class=\"fas fa-users\"><\/i> <strong>Aforo:<\/strong> 200 personas de pie<\/li>\n<li><i class=\"fas fa-expand\"><\/i> <strong>\u00c1rea:<\/strong> 319 m2<\/li>\n<\/ul>\n<p class=\"text-med\">El segundo patio que se encuentra al ingresar al monasterio, con sus arcos y paredes en color ocre y el hermoso \u00e1rbol de caucho al medio, lo convierten en un espacio ideal para evento especiales.<\/p>\n<\/div><\/div><\/div><div class=\"wpb_column hcode-column-container sm-margin-four-bottom vc_col-sm-12 vc_col-md-6 col-xs-mobile-fullwidth\" data-front-class=\"sm-margin-four-bottom col-xs-mobile-fullwidth\"><div class=\"vc-column-innner-wrapper\">[vc_gallery type=\"nivo\" interval=\"3\" images=\"19098,19099,19100\" img_size=\"full\" css_animation=\"fadeInDown\"]<\/div><\/div><div class=\"wpb_column hcode-column-container vc_col-sm-12 vc_col-md-12 col-xs-mobile-fullwidth\" data-front-class=\"col-xs-mobile-fullwidth\"><div class=\"vc-column-innner-wrapper\"><div class=\" wide-separator-line\" style=\" background:#ffffff;\"><\/div><\/div><\/div><div class=\"wpb_column hcode-column-container sm-margin-four-bottom vc_col-sm-12 vc_col-md-6 col-xs-mobile-fullwidth\" data-front-class=\"sm-margin-four-bottom col-xs-mobile-fullwidth\"><div class=\"vc-column-innner-wrapper\">[vc_gallery type=\"nivo\" interval=\"3\" images=\"19270,19273,19276\" img_size=\"full\" css_animation=\"fadeInDown\"]<\/div><\/div><div class=\"wpb_column hcode-column-container vc_col-sm-12 vc_col-md-6 col-xs-mobile-fullwidth\" data-front-class=\"col-xs-mobile-fullwidth\"><div class=\"vc-column-innner-wrapper\"><div class=\"margin-six-all\"><p class=\"title-large text-uppercase letter-spacing-1 font-weight-600 black-text hcode-font-setting-5ed12d1bf22a2\" style=\"line-height: 45px; color: #85280f !important;\">Claustro Mayor<\/p>\n<ul class=\"ul-orion\">\n<li><i class=\"fas fa-users\"><\/i> <strong>Aforo:<\/strong> 750 de pie, 300 sentados aprox.<\/li>\n<li><i class=\"fas fa-expand\"><\/i> <strong>\u00c1rea:<\/strong> 1270.61 m2<\/li>\n<\/ul>\n<p class=\"text-med\">El m\u00e1s grande de los claustros del monasterio, con un color ocre intenso, con el tradicional detalle de molduras, cornisas y otros elementos en blanco; el piso en la arquer\u00eda es de ladrillo y el piso del patio muestra un dise\u00f1o ajedrezado con sillar y piedras de canto rodado. El claustro corre paralelo a la nave del templo, est\u00e1 adornado con treinta y un lienzos de la escuela cuzque\u00f1a y con pintura mural en la arquer\u00eda<\/p>\n<\/div><\/div><\/div><div class=\"wpb_column hcode-column-container vc_col-sm-12 vc_col-md-12 col-xs-mobile-fullwidth\" data-front-class=\"col-xs-mobile-fullwidth\"><div class=\"vc-column-innner-wrapper\"><div class=\" wide-separator-line\" style=\" background:#ffffff;\"><\/div><\/div><\/div><\/div><\/div><\/section>","protected":false},"excerpt":{"rendered":"<p>[vc_gallery type=\u00a0\u00bbnivo\u00a0\u00bb interval=\u00a0\u00bb3&Prime; images=\u00a0\u00bb19079,19080,19081,19082&Prime; img_size=\u00a0\u00bbfull\u00a0\u00bb css_animation=\u00a0\u00bbfadeInDown\u00a0\u00bb]Claustro de las Novicias con capilla Aforo: 120 de pie, 70 sentados aprox. \u00c1rea: 440 m2 &#8211; 83.96 m2 Claustro peque\u00f1o de agradables proporciones, con arquer\u00eda de b\u00f3veda de arista ejecutada en ladrillo y muros y columnas de sillar cara vista. Capilla con b\u00f3veda de ca\u00f1\u00f3n a la que circunda [&hellip;]<\/p>\n","protected":false},"author":1,"featured_media":0,"parent":32485,"menu_order":0,"comment_status":"closed","ping_status":"closed","template":"","meta":{"footnotes":""},"_links":{"self":[{"href":"https:\/\/santacatalina.org.pe\/fr\/wp-json\/wp\/v2\/pages\/32504"}],"collection":[{"href":"https:\/\/santacatalina.org.pe\/fr\/wp-json\/wp\/v2\/pages"}],"about":[{"href":"https:\/\/santacatalina.org.pe\/fr\/wp-json\/wp\/v2\/types\/page"}],"author":[{"embeddable":true,"href":"https:\/\/santacatalina.org.pe\/fr\/wp-json\/wp\/v2\/users\/1"}],"replies":[{"embeddable":true,"href":"https:\/\/santacatalina.org.pe\/fr\/wp-json\/wp\/v2\/comments?post=32504"}],"version-history":[{"count":1,"href":"https:\/\/santacatalina.org.pe\/fr\/wp-json\/wp\/v2\/pages\/32504\/revisions"}],"predecessor-version":[{"id":32506,"href":"https:\/\/santacatalina.org.pe\/fr\/wp-json\/wp\/v2\/pages\/32504\/revisions\/32506"}],"up":[{"embeddable":true,"href":"https:\/\/santacatalina.org.pe\/fr\/wp-json\/wp\/v2\/pages\/32485"}],"wp:attachment":[{"href":"https:\/\/santacatalina.org.pe\/fr\/wp-json\/wp\/v2\/media?parent=32504"}],"curies":[{"name":"wp","href":"https:\/\/api.w.org\/{rel}","templated":true}]}}